{"id":12787,"date":"2021-07-09T11:31:28","date_gmt":"2021-07-09T11:31:28","guid":{"rendered":"https:\/\/www.synergy4.es\/2-mano-alquiler\/"},"modified":"2026-06-10T10:18:41","modified_gmt":"2026-06-10T10:18:41","slug":"semirremolques-de-segunda-mano-usados","status":"publish","type":"page","link":"https:\/\/www.esteso.es\/en\/semirremolques-de-segunda-mano-usados\/","title":{"rendered":"2\u00aa mano \/ alquiler"},"content":{"rendered":"<div class=\"wpb-content-wrapper\"><p>[vc_row equal_height=&#8221;yes&#8221; content_placement=&#8221;top&#8221;][vc_column]<div id=\"ultimate-heading-65176a9a826aaafe7\" class=\"uvc-heading ult-adjust-bottom-margin ultimate-heading-65176a9a826aaafe7 uvc-4349 \" data-hspacer=\"no_spacer\"  data-halign=\"left\" style=\"text-align:left\"><div class=\"uvc-heading-spacer no_spacer\" style=\"top\"><\/div><div class=\"uvc-sub-heading ult-responsive\"  data-ultimate-target='.uvc-heading.ultimate-heading-65176a9a826aaafe7 .uvc-sub-heading '  data-responsive-json-new='{\"font-size\":\"\",\"line-height\":\"\"}'  style=\"font-weight:normal;margin-bottom:40px;\"><\/p>\n<h2>Semirremolques <span style=\"color: #e22929;\">de segunda mano<\/span><\/h2>\n<p><\/div><\/div>[\/vc_column][\/vc_row][vc_row equal_height=&#8221;yes&#8221;][vc_column css=&#8221;.vc_custom_1626105139584{padding-left: 0px !important;}&#8221;][vc_row_inner css=&#8221;.vc_custom_1626937374991{padding-bottom: 40px !important;}&#8221;][vc_column_inner width=&#8221;1\/5&#8243;]<div id=\"ultimate-heading-15686a9a826aab069\" class=\"uvc-heading ult-adjust-bottom-margin ultimate-heading-15686a9a826aab069 uvc-5834 \" data-hspacer=\"no_spacer\"  data-halign=\"center\" style=\"text-align:center\"><div class=\"uvc-heading-spacer no_spacer\" style=\"top\"><\/div><div class=\"uvc-main-heading ult-responsive\"  data-ultimate-target='.uvc-heading.ultimate-heading-15686a9a826aab069 h2'  data-responsive-json-new='{\"font-size\":\"desktop:36px;\",\"line-height\":\"desktop:53px;\"}' ><h2 style=\"font-family:&#039;Anton&#039;;font-weight:normal;color:#e22929;\">Busco<\/h2><\/div><\/div>[\/vc_column_inner][vc_column_inner width=&#8221;4\/5&#8243;][vc_column_text]<form class=als autocomplete=off action=https:\/\/www.esteso.es\/anuncios\/ method=GET role=search id=610><style>\r\n\t.col-md-15\r\n\t{\r\n\t  width: 30%;\r\n\t  float: left;\r\n\t\tpadding:10px;\r\n\t}\r\n\t.col-md-4\r\n\t{\r\n\t  width: 20%;\r\n\t  padding:10px;\r\n\t  float: left;\r\n\t}\r\n  \r\n  @media (max-width: 920px) {\r\n\t.col-md-15\r\n\t{\r\n\t  width: 100%;\r\n\t}\r\n\t.col-md-4\r\n\t{\r\n\t  width: 100%;\r\n\t  float: left;\r\n\t}\r\n  }\r\n  \r\n  <\/style>\r\n  \r\n  <form id=\"auto-listings-search\" class=\"auto-listings-search s-1 \" autocomplete=\"off\" action=\"\/listing\/\" method=\"GET\" role=\"search\">\r\n  <div class=\"col-md-15\">\r\n  <select multiple=\"multiple\" placeholder=\"Modelo\" name=\"model[]\">\r\n\t  <option value=\"Basculantes y ba\u00f1eras\">Basculantes y ba\u00f1eras<\/option>\r\n\t  <option value=\"Furgon y frigorifico\">Furgon y frigorifico<\/option>\r\n\t  \r\n\t  \r\n\t  <option value=\"Lonas y semilonas\">Lonas y semilonas<\/option>\r\n\t  \r\n\t  \r\n\t  \r\n\t  \r\n\t  \r\n\t  \r\n  <\/select>\r\n  <\/div>\r\n  <div class=\"col-md-15\">\r\n  <select multiple multiple=\"multiple\" placeholder=\"Marca\" name=\"model_drive[]\">\r\n\t  \r\n\t  <option value=\"Leci\u00f1ena\">Leci\u00f1ena<\/option>\r\n\t  <option value=\"Lecitrailer\">Lecitrailer<\/option>\r\n\t  <option value=\"Fruehauf\">Fruehauf<\/option>\r\n\t  <option value=\"Fliegl\">Fliegl<\/option>\r\n\t  \r\n\t  \r\n\t  <option value=\"Guill\u00e9n\">Guill\u00e9n<\/option>\r\n\t  <option value=\"Benalu\">Benalu<\/option>\r\n\t  \r\n\t  \r\n\t  \r\n\t  <option value=\"Gontrailer\">Gontrailer<\/option>\r\n\t  \r\n\t  \r\n\t  \r\n\t  \r\n\t  \r\n\t  <option value=\"Berger\">Berger<\/option>\r\n\t  \r\n\t  \r\n\t  \r\n\t  \r\n\t  \r\n\r\n\r\n  <\/select>\r\n  <\/div>\r\n  <div class=\"col-md-15\">\r\n  <select multiple=\"multiple\" placeholder=\"Neum\u00e1ticos\" name=\"fuel_type[]\">\r\n\t  <option value=\"385\/65 R22.5\">385\/65 R22.5<\/option>\r\n\t  <option value=\"385\/55 R22.5\">385\/55 R22.5<\/option>\r\n\t  \r\n\t  \r\n\t  \r\n\t  \r\n  <\/select>\r\n  <\/div>\r\n\t  <div class=\"col-md-4\">\r\n  <select multiple=\"multiple\" placeholder=\"Frenos\" name=\"make[]\">\r\n\t  <option value=\"Disco\">Disco<\/option>\r\n\t  <option value=\"Tambor\">Tambor<\/option>\r\n  <\/select>\r\n  <\/div>\r\n\t  <br>\r\n  <div class=\"col-md-4\">\r\n  <select multiple=\"multiple\" placeholder=\"Elevaci\u00f3n\" name=\"the_year[]\">\r\n\t  <option value=\"Sin elevaci\u00f3n\">Sin elevaci\u00f3n<\/option>\r\n\t  \r\n\t  <option value=\"Autom\u00e1tico por bomba\">Autom\u00e1tico por bomba<\/option>\r\n\t  <option value=\"Cilindros independientes\">Cilindros independientes<\/option>\r\n  <\/select>\r\n  <\/div>\r\n  <div class=\"col-md-4\">\r\n  <select multiple=\"multiple\" placeholder=\"Suspensi\u00f3n\" name=\"transmission[]\">\r\n\t  <option value=\"Neumatica\">Neum\u00e1tica<\/option>\r\n\t  <option value=\"Ballesta\">Ballesta<\/option>\r\n  <\/select>\r\n  <\/div>\r\n  <div class=\"col-md-4\">\r\n  <button style=\"\tfont-family: Anton;\r\n  font-style: normal;\r\n  font-weight: normal;\r\n  font-size: 18px;\r\n  line-height: 26px;\r\n  text-align: center;\r\n  text-transform: uppercase;\r\n  color: #FFFFFF;\r\n\t  border-radius:0px;\r\n\t  background:#E22929;\"\r\n\t\t\t\t type=\"submit\">MOSTRAR RESULTADOS<\/button>\r\n  <\/div>\r\n  <\/form><\/form>[\/vc_column_text][\/vc_column_inner][\/vc_row_inner]<div id=\"ultimate-heading-93426a9a826aab9d2\" class=\"uvc-heading ult-adjust-bottom-margin ultimate-heading-93426a9a826aab9d2 uvc-855 \" data-hspacer=\"no_spacer\"  data-halign=\"left\" style=\"text-align:left\"><div class=\"uvc-heading-spacer no_spacer\" style=\"top\"><\/div><div class=\"uvc-main-heading ult-responsive\"  data-ultimate-target='.uvc-heading.ultimate-heading-93426a9a826aab9d2 h2'  data-responsive-json-new='{\"font-size\":\"desktop:24px;\",\"line-height\":\"desktop:35px;\"}' ><h2 style=\"font-family:&#039;Anton&#039;;font-weight:normal;color:#3a3d46;margin-bottom:40px;\">Todo el stock<\/h2><\/div><\/div>[vc_column_text css=&#8221;.vc_custom_1650869528260{padding-bottom: 40px !important;}&#8221;]<\/p>\n<p style=\"text-align: left;\">\t\t\n\t\t<ul class=\"auto-listings-items grid-view\">\n<li class=\"col-4 post-21078 auto-listing type-auto-listing status-publish description-off auto-listing-21078 has-thumbnail\">\n\n\t\n<div class=\"image\">\n\t<a href=\"https:\/\/www.esteso.es\/en\/listing\/portabobinas\/\" title=\"PORTABOBINAS\">\n\t\t\t\t\t<span\n\t\t\t\tstyle=\"background:#ffffff;color:#e22929\"\n\t\t\t\tclass=\"status Guill\u00e9n\">\n\t\t\t\t\t\t\t\t\t<i class=\"fas fa-trailer\"><\/i>\n\t\t\t\t\t\t\t\tGuill\u00e9n\t\t\t<\/span>\n\t\t\n\t\t\n\t\t\t\t\t<img decoding=\"async\" alt=\"\" data-src=\"https:\/\/www.esteso.es\/wp-content\/uploads\/2026\/08\/R1737BCY-1-400x250.jpg\" src=\"data:image\/svg+xml;base64,PHN2ZyB3aWR0aD0iMSIgaGVpZ2h0PSIxIiB4bWxucz0iaHR0cDovL3d3dy53My5vcmcvMjAwMC9zdmciPjwvc3ZnPg==\" class=\"lazyload\" style=\"--smush-placeholder-width: 400px; --smush-placeholder-aspect-ratio: 400\/250;\" \/>\n\t\t\n\t<\/a>\n<\/div>\n\t<div class=\"summary\">\n\n\t\t\n<h3 class=\"title\">\n\t<a href=\"https:\/\/www.esteso.es\/en\/listing\/portabobinas\/\" title=\"PORTABOBINAS\">\n\t\tPORTABOBINAS\t<\/a>\n<\/h3>\n\n<div class=\"at-a-glance\">\n\n\t<ul>\n\t\t<li class=\"odomoter\"><i class=\"auto-icon-odometer\"><\/i> n\/a<\/li>\n\t\t\t<li class=\"transmission\"><i class=\"auto-icon-transmission\"><\/i> Neum\u00e1tica<\/li>\n\t\t\t<\/ul>\n\n<\/div>\n\n<div class=\"description\"><p>R-1737-BCY<br \/>\nFrenos disco<br \/>\nA\u00f1o 2017<\/p>\n<\/div>\n\n<div class=\"bottom-wrap\">\n\t<a class=\"al-button\" href=\"https:\/\/www.esteso.es\/en\/listing\/portabobinas\/\" title=\"View PORTABOBINAS\">More Details &nbsp; <i class=\"fa fa-angle-right\"><\/i><\/a>\n\t\t\t<span class=\"condition\">New Vehicle<\/span>\n\t<\/div>\n\n\t<\/div>\n\n\t\n<\/li>\n\n<li class=\"col-4 post-21061 auto-listing type-auto-listing status-publish description-off auto-listing-21061 has-thumbnail\">\n\n\t\n<div class=\"image\">\n\t<a href=\"https:\/\/www.esteso.es\/en\/listing\/lonas-10\/\" title=\"PORTABOBINAS\">\n\t\t\t\t\t<span\n\t\t\t\tstyle=\"background:#ffffff;color:#e22929\"\n\t\t\t\tclass=\"status Guill\u00e9n\">\n\t\t\t\t\t\t\t\t\t<i class=\"fas fa-trailer\"><\/i>\n\t\t\t\t\t\t\t\tGuill\u00e9n\t\t\t<\/span>\n\t\t\n\t\t\n\t\t\t\t\t<img decoding=\"async\" alt=\"\" data-src=\"https:\/\/www.esteso.es\/wp-content\/uploads\/2026\/08\/R9703BCY-1-400x250.jpg\" src=\"data:image\/svg+xml;base64,PHN2ZyB3aWR0aD0iMSIgaGVpZ2h0PSIxIiB4bWxucz0iaHR0cDovL3d3dy53My5vcmcvMjAwMC9zdmciPjwvc3ZnPg==\" class=\"lazyload\" style=\"--smush-placeholder-width: 400px; --smush-placeholder-aspect-ratio: 400\/250;\" \/>\n\t\t\n\t<\/a>\n<\/div>\n\t<div class=\"summary\">\n\n\t\t\n<h3 class=\"title\">\n\t<a href=\"https:\/\/www.esteso.es\/en\/listing\/lonas-10\/\" title=\"PORTABOBINAS\">\n\t\tPORTABOBINAS\t<\/a>\n<\/h3>\n\n<div class=\"at-a-glance\">\n\n\t<ul>\n\t\t<li class=\"odomoter\"><i class=\"auto-icon-odometer\"><\/i> n\/a<\/li>\n\t\t\t<li class=\"transmission\"><i class=\"auto-icon-transmission\"><\/i> Neum\u00e1tica<\/li>\n\t\t\t<\/ul>\n\n<\/div>\n\n<div class=\"description\"><p>R-9703-BCY<br \/>\nFrenos disco<br \/>\nA\u00f1o 2017<\/p>\n<\/div>\n\n<div class=\"bottom-wrap\">\n\t<a class=\"al-button\" href=\"https:\/\/www.esteso.es\/en\/listing\/lonas-10\/\" title=\"View PORTABOBINAS\">More Details &nbsp; <i class=\"fa fa-angle-right\"><\/i><\/a>\n\t\t\t<span class=\"condition\">New Vehicle<\/span>\n\t<\/div>\n\n\t<\/div>\n\n\t\n<\/li>\n\n<li class=\"col-4 post-21038 auto-listing type-auto-listing status-publish description-off auto-listing-21038 has-thumbnail\">\n\n\t\n<div class=\"image\">\n\t<a href=\"https:\/\/www.esteso.es\/en\/listing\/lonas-9\/\" title=\"LONAS\">\n\t\t\t\t\t<span\n\t\t\t\tstyle=\"background:#ffffff;color:#dd3333\"\n\t\t\t\tclass=\"status Berger\">\n\t\t\t\t\t\t\t\t\t<i class=\"fas fa-truck\"><\/i>\n\t\t\t\t\t\t\t\tBerger\t\t\t<\/span>\n\t\t\n\t\t\n\t\t\t\t\t<img decoding=\"async\" alt=\"\" data-src=\"https:\/\/www.esteso.es\/wp-content\/uploads\/2026\/08\/R2185BDK-3-400x250.jpg\" src=\"data:image\/svg+xml;base64,PHN2ZyB3aWR0aD0iMSIgaGVpZ2h0PSIxIiB4bWxucz0iaHR0cDovL3d3dy53My5vcmcvMjAwMC9zdmciPjwvc3ZnPg==\" class=\"lazyload\" style=\"--smush-placeholder-width: 400px; --smush-placeholder-aspect-ratio: 400\/250;\" \/>\n\t\t\n\t<\/a>\n<\/div>\n\t<div class=\"summary\">\n\n\t\t\n<h3 class=\"title\">\n\t<a href=\"https:\/\/www.esteso.es\/en\/listing\/lonas-9\/\" title=\"LONAS\">\n\t\tLONAS\t<\/a>\n<\/h3>\n\n<div class=\"at-a-glance\">\n\n\t<ul>\n\t\t<li class=\"odomoter\"><i class=\"auto-icon-odometer\"><\/i> n\/a<\/li>\n\t\t\t<li class=\"transmission\"><i class=\"auto-icon-transmission\"><\/i> Neum\u00e1tica<\/li>\n\t\t\t<\/ul>\n\n<\/div>\n\n<div class=\"description\"><p>R-2185-BDK<br \/>\nFrenos disco<br \/>\nA\u00f1o 2014<\/p>\n<\/div>\n\n<div class=\"bottom-wrap\">\n\t<a class=\"al-button\" href=\"https:\/\/www.esteso.es\/en\/listing\/lonas-9\/\" title=\"View LONAS\">More Details &nbsp; <i class=\"fa fa-angle-right\"><\/i><\/a>\n\t\t\t<span class=\"condition\">New Vehicle<\/span>\n\t<\/div>\n\n\t<\/div>\n\n\t\n<\/li>\n\n<li class=\"col-4 post-21028 auto-listing type-auto-listing status-publish description-off auto-listing-21028 has-thumbnail\">\n\n\t\n<div class=\"image\">\n\t<a href=\"https:\/\/www.esteso.es\/en\/listing\/basculante-5\/\" title=\"BASCULANTE\">\n\t\t\n\t\t\n\t\t\t\t\t<img decoding=\"async\" alt=\"\" data-src=\"https:\/\/www.esteso.es\/wp-content\/uploads\/2026\/08\/R4921BDT-1-400x250.jpg\" src=\"data:image\/svg+xml;base64,PHN2ZyB3aWR0aD0iMSIgaGVpZ2h0PSIxIiB4bWxucz0iaHR0cDovL3d3dy53My5vcmcvMjAwMC9zdmciPjwvc3ZnPg==\" class=\"lazyload\" style=\"--smush-placeholder-width: 400px; --smush-placeholder-aspect-ratio: 400\/250;\" \/>\n\t\t\n\t<\/a>\n<\/div>\n\t<div class=\"summary\">\n\n\t\t\n<h3 class=\"title\">\n\t<a href=\"https:\/\/www.esteso.es\/en\/listing\/basculante-5\/\" title=\"BASCULANTE\">\n\t\tBASCULANTE\t<\/a>\n<\/h3>\n\n<div class=\"at-a-glance\">\n\n\t<ul>\n\t\t<li class=\"odomoter\"><i class=\"auto-icon-odometer\"><\/i> n\/a<\/li>\n\t\t\t<li class=\"transmission\"><i class=\"auto-icon-transmission\"><\/i> Neum\u00e1tica<\/li>\n\t\t\t<\/ul>\n\n<\/div>\n\n<div class=\"description\"><p>R-4921-BDT<br \/>\nA\u00f1o 2025<br \/>\nFrenos disco<\/p>\n<\/div>\n\n<div class=\"bottom-wrap\">\n\t<a class=\"al-button\" href=\"https:\/\/www.esteso.es\/en\/listing\/basculante-5\/\" title=\"View BASCULANTE\">More Details &nbsp; <i class=\"fa fa-angle-right\"><\/i><\/a>\n\t\t\t<span class=\"condition\">New Vehicle<\/span>\n\t<\/div>\n\n\t<\/div>\n\n\t\n<\/li>\n<\/ul><ul class=\"auto-listings-items grid-view\">\n<li class=\"col-4 post-21008 auto-listing type-auto-listing status-publish description-off auto-listing-21008 has-thumbnail\">\n\n\t\n<div class=\"image\">\n\t<a href=\"https:\/\/www.esteso.es\/en\/listing\/lonas-7\/\" title=\"LONAS\">\n\t\t\n\t\t\n\t\t\t\t\t<img decoding=\"async\" alt=\"\" data-src=\"https:\/\/www.esteso.es\/wp-content\/uploads\/2026\/08\/R5509BDB-1-400x250.jpg\" src=\"data:image\/svg+xml;base64,PHN2ZyB3aWR0aD0iMSIgaGVpZ2h0PSIxIiB4bWxucz0iaHR0cDovL3d3dy53My5vcmcvMjAwMC9zdmciPjwvc3ZnPg==\" class=\"lazyload\" style=\"--smush-placeholder-width: 400px; --smush-placeholder-aspect-ratio: 400\/250;\" \/>\n\t\t\n\t<\/a>\n<\/div>\n\t<div class=\"summary\">\n\n\t\t\n<h3 class=\"title\">\n\t<a href=\"https:\/\/www.esteso.es\/en\/listing\/lonas-7\/\" title=\"LONAS\">\n\t\tLONAS\t<\/a>\n<\/h3>\n\n<div class=\"at-a-glance\">\n\n\t<ul>\n\t\t<li class=\"odomoter\"><i class=\"auto-icon-odometer\"><\/i> n\/a<\/li>\n\t\t\t<li class=\"transmission\"><i class=\"auto-icon-transmission\"><\/i> Neum\u00e1tica<\/li>\n\t\t\t<\/ul>\n\n<\/div>\n\n<div class=\"description\"><p>R-8809-BDL<br \/>\nA\u00f1o 2018<br \/>\nFrenos disco<\/p>\n<\/div>\n\n<div class=\"bottom-wrap\">\n\t<a class=\"al-button\" href=\"https:\/\/www.esteso.es\/en\/listing\/lonas-7\/\" title=\"View LONAS\">More Details &nbsp; <i class=\"fa fa-angle-right\"><\/i><\/a>\n\t\t\t<span class=\"condition\">New Vehicle<\/span>\n\t<\/div>\n\n\t<\/div>\n\n\t\n<\/li>\n\n<li class=\"col-4 post-20989 auto-listing type-auto-listing status-publish description-off auto-listing-20989 has-thumbnail\">\n\n\t\n<div class=\"image\">\n\t<a href=\"https:\/\/www.esteso.es\/en\/listing\/lonas\/\" title=\"LONAS\">\n\t\t\t\t\t<span\n\t\t\t\tstyle=\"background:#ffffff;color:#dd3333\"\n\t\t\t\tclass=\"status Berger\">\n\t\t\t\t\t\t\t\t\t<i class=\"fas fa-truck\"><\/i>\n\t\t\t\t\t\t\t\tBerger\t\t\t<\/span>\n\t\t\n\t\t\n\t\t\t\t\t<img decoding=\"async\" alt=\"\" data-src=\"https:\/\/www.esteso.es\/wp-content\/uploads\/2026\/08\/R0815BDL-1-400x250.jpg\" src=\"data:image\/svg+xml;base64,PHN2ZyB3aWR0aD0iMSIgaGVpZ2h0PSIxIiB4bWxucz0iaHR0cDovL3d3dy53My5vcmcvMjAwMC9zdmciPjwvc3ZnPg==\" class=\"lazyload\" style=\"--smush-placeholder-width: 400px; --smush-placeholder-aspect-ratio: 400\/250;\" \/>\n\t\t\n\t<\/a>\n<\/div>\n\t<div class=\"summary\">\n\n\t\t\n<h3 class=\"title\">\n\t<a href=\"https:\/\/www.esteso.es\/en\/listing\/lonas\/\" title=\"LONAS\">\n\t\tLONAS\t<\/a>\n<\/h3>\n\n<div class=\"at-a-glance\">\n\n\t<ul>\n\t\t<li class=\"odomoter\"><i class=\"auto-icon-odometer\"><\/i> n\/a<\/li>\n\t\t\t<li class=\"transmission\"><i class=\"auto-icon-transmission\"><\/i> Neum\u00e1tica<\/li>\n\t\t\t<\/ul>\n\n<\/div>\n\n<div class=\"description\"><p>R-0815-BDL<br \/>\nA\u00f1o 2014<br \/>\nFrenos disco<\/p>\n<\/div>\n\n<div class=\"bottom-wrap\">\n\t<a class=\"al-button\" href=\"https:\/\/www.esteso.es\/en\/listing\/lonas\/\" title=\"View LONAS\">More Details &nbsp; <i class=\"fa fa-angle-right\"><\/i><\/a>\n\t\t\t<span class=\"condition\">New Vehicle<\/span>\n\t<\/div>\n\n\t<\/div>\n\n\t\n<\/li>\n\n<li class=\"col-4 post-20694 auto-listing type-auto-listing status-publish description-off auto-listing-20694 has-thumbnail\">\n\n\t\n<div class=\"image\">\n\t<a href=\"https:\/\/www.esteso.es\/en\/listing\/banera-3\/\" title=\"BA\u00d1ERA\">\n\t\t\t\t\t<span\n\t\t\t\tstyle=\"background:#ffffff;color:#dd3333\"\n\t\t\t\tclass=\"status Gontrailer\">\n\t\t\t\t\t\t\t\t\t<i class=\"fas fa-truck\"><\/i>\n\t\t\t\t\t\t\t\tGontrailer\t\t\t<\/span>\n\t\t\n\t\t\n\t\t\t\t\t<img decoding=\"async\" alt=\"\" data-src=\"https:\/\/www.esteso.es\/wp-content\/uploads\/2026\/04\/R1955BBB-1-400x250.jpg\" src=\"data:image\/svg+xml;base64,PHN2ZyB3aWR0aD0iMSIgaGVpZ2h0PSIxIiB4bWxucz0iaHR0cDovL3d3dy53My5vcmcvMjAwMC9zdmciPjwvc3ZnPg==\" class=\"lazyload\" style=\"--smush-placeholder-width: 400px; --smush-placeholder-aspect-ratio: 400\/250;\" \/>\n\t\t\n\t<\/a>\n<\/div>\n\t<div class=\"summary\">\n\n\t\t\n<h3 class=\"title\">\n\t<a href=\"https:\/\/www.esteso.es\/en\/listing\/banera-3\/\" title=\"BA\u00d1ERA\">\n\t\tBA\u00d1ERA\t<\/a>\n<\/h3>\n\n<div class=\"at-a-glance\">\n\n\t<ul>\n\t\t<li class=\"odomoter\"><i class=\"auto-icon-odometer\"><\/i> n\/a<\/li>\n\t\t\t<li class=\"transmission\"><i class=\"auto-icon-transmission\"><\/i> Ballesta<\/li>\n\t\t\t<\/ul>\n\n<\/div>\n\n<div class=\"description\"><p>R-1955-BBB<br \/>\nA\u00f1o 1999<br \/>\nFrenos tambor<\/p>\n<\/div>\n\n<div class=\"bottom-wrap\">\n\t<a class=\"al-button\" href=\"https:\/\/www.esteso.es\/en\/listing\/banera-3\/\" title=\"View BA\u00d1ERA\">More Details &nbsp; <i class=\"fa fa-angle-right\"><\/i><\/a>\n\t\t\t<span class=\"condition\">New Vehicle<\/span>\n\t<\/div>\n\n\t<\/div>\n\n\t\n<\/li>\n\n<li class=\"col-4 post-20658 auto-listing type-auto-listing status-publish description-off auto-listing-20658 has-thumbnail\">\n\n\t\n<div class=\"image\">\n\t<a href=\"https:\/\/www.esteso.es\/en\/listing\/banera\/\" title=\"BA\u00d1ERA\">\n\t\t\n\t\t\n\t\t\t\t\t<img decoding=\"async\" alt=\"\" data-src=\"https:\/\/www.esteso.es\/wp-content\/uploads\/2026\/04\/R7298BBJ-1-400x250.jpg\" src=\"data:image\/svg+xml;base64,PHN2ZyB3aWR0aD0iMSIgaGVpZ2h0PSIxIiB4bWxucz0iaHR0cDovL3d3dy53My5vcmcvMjAwMC9zdmciPjwvc3ZnPg==\" class=\"lazyload\" style=\"--smush-placeholder-width: 400px; --smush-placeholder-aspect-ratio: 400\/250;\" \/>\n\t\t\n\t<\/a>\n<\/div>\n\t<div class=\"summary\">\n\n\t\t\n<h3 class=\"title\">\n\t<a href=\"https:\/\/www.esteso.es\/en\/listing\/banera\/\" title=\"BA\u00d1ERA\">\n\t\tBA\u00d1ERA\t<\/a>\n<\/h3>\n\n<div class=\"at-a-glance\">\n\n\t<ul>\n\t\t<li class=\"odomoter\"><i class=\"auto-icon-odometer\"><\/i> n\/a<\/li>\n\t\t\t<li class=\"transmission\"><i class=\"auto-icon-transmission\"><\/i> Neum\u00e1tica<\/li>\n\t\t\t<\/ul>\n\n<\/div>\n\n<div class=\"description\"><p>R-7298-BBJ<br \/>\nA\u00f1o 2002<br \/>\nFrenos disco<\/p>\n<\/div>\n\n<div class=\"bottom-wrap\">\n\t<a class=\"al-button\" href=\"https:\/\/www.esteso.es\/en\/listing\/banera\/\" title=\"View BA\u00d1ERA\">More Details &nbsp; <i class=\"fa fa-angle-right\"><\/i><\/a>\n\t\t\t<span class=\"condition\">New Vehicle<\/span>\n\t<\/div>\n\n\t<\/div>\n\n\t\n<\/li>\n<\/ul><ul class=\"auto-listings-items grid-view\">\n<li class=\"col-4 post-20635 auto-listing type-auto-listing status-publish description-off auto-listing-20635 has-thumbnail\">\n\n\t\n<div class=\"image\">\n\t<a href=\"https:\/\/www.esteso.es\/en\/listing\/banera-2\/\" title=\"BA\u00d1ERA\">\n\t\t\n\t\t\n\t\t\t\t\t<img decoding=\"async\" alt=\"\" data-src=\"https:\/\/www.esteso.es\/wp-content\/uploads\/2026\/03\/AB02427R-1-400x250.jpg\" src=\"data:image\/svg+xml;base64,PHN2ZyB3aWR0aD0iMSIgaGVpZ2h0PSIxIiB4bWxucz0iaHR0cDovL3d3dy53My5vcmcvMjAwMC9zdmciPjwvc3ZnPg==\" class=\"lazyload\" style=\"--smush-placeholder-width: 400px; --smush-placeholder-aspect-ratio: 400\/250;\" \/>\n\t\t\n\t<\/a>\n<\/div>\n\t<div class=\"summary\">\n\n\t\t\n<h3 class=\"title\">\n\t<a href=\"https:\/\/www.esteso.es\/en\/listing\/banera-2\/\" title=\"BA\u00d1ERA\">\n\t\tBA\u00d1ERA\t<\/a>\n<\/h3>\n\n<div class=\"at-a-glance\">\n\n\t<ul>\n\t\t<li class=\"odomoter\"><i class=\"auto-icon-odometer\"><\/i> n\/a<\/li>\n\t\t\t<li class=\"transmission\"><i class=\"auto-icon-transmission\"><\/i> Ballesta<\/li>\n\t\t\t<\/ul>\n\n<\/div>\n\n<div class=\"description\"><p>AB02427R<br \/>\nA\u00f1o 1998<br \/>\nFrenos tambor<\/p>\n<\/div>\n\n<div class=\"bottom-wrap\">\n\t<a class=\"al-button\" href=\"https:\/\/www.esteso.es\/en\/listing\/banera-2\/\" title=\"View BA\u00d1ERA\">More Details &nbsp; <i class=\"fa fa-angle-right\"><\/i><\/a>\n\t\t\t<span class=\"condition\">New Vehicle<\/span>\n\t<\/div>\n\n\t<\/div>\n\n\t\n<\/li>\n\n<li class=\"col-4 post-20446 auto-listing type-auto-listing status-publish description-off auto-listing-20446 has-thumbnail\">\n\n\t\n<div class=\"image\">\n\t<a href=\"https:\/\/www.esteso.es\/en\/listing\/basculante-4\/\" title=\"BASCULANTE\">\n\t\t\t\t\t<span\n\t\t\t\tstyle=\"background:#ffffff;color:#e22929\"\n\t\t\t\tclass=\"status Leci\u00f1ena\">\n\t\t\t\t\t\t\t\t\t<i class=\"fas fa-trailer\"><\/i>\n\t\t\t\t\t\t\t\tLeci\u00f1ena\t\t\t<\/span>\n\t\t\n\t\t\n\t\t\t\t\t<img decoding=\"async\" alt=\"\" data-src=\"https:\/\/www.esteso.es\/wp-content\/uploads\/2026\/01\/R3981BBC-1-400x250.jpg\" src=\"data:image\/svg+xml;base64,PHN2ZyB3aWR0aD0iMSIgaGVpZ2h0PSIxIiB4bWxucz0iaHR0cDovL3d3dy53My5vcmcvMjAwMC9zdmciPjwvc3ZnPg==\" class=\"lazyload\" style=\"--smush-placeholder-width: 400px; --smush-placeholder-aspect-ratio: 400\/250;\" \/>\n\t\t\n\t<\/a>\n<\/div>\n\t<div class=\"summary\">\n\n\t\t\n<h3 class=\"title\">\n\t<a href=\"https:\/\/www.esteso.es\/en\/listing\/basculante-4\/\" title=\"BASCULANTE\">\n\t\tBASCULANTE\t<\/a>\n<\/h3>\n\n<div class=\"at-a-glance\">\n\n\t<ul>\n\t\t<li class=\"odomoter\"><i class=\"auto-icon-odometer\"><\/i> n\/a<\/li>\n\t\t\t<li class=\"transmission\"><i class=\"auto-icon-transmission\"><\/i> Neum\u00e1tica<\/li>\n\t\t\t<\/ul>\n\n<\/div>\n\n<div class=\"description\"><p>R-3981-BBC<br \/>\nA\u00f1o 2000<br \/>\nFrenos tambor<\/p>\n<\/div>\n\n<div class=\"bottom-wrap\">\n\t<a class=\"al-button\" href=\"https:\/\/www.esteso.es\/en\/listing\/basculante-4\/\" title=\"View BASCULANTE\">More Details &nbsp; <i class=\"fa fa-angle-right\"><\/i><\/a>\n\t\t\t<span class=\"condition\">New Vehicle<\/span>\n\t<\/div>\n\n\t<\/div>\n\n\t\n<\/li>\n\n<li class=\"col-4 post-20297 auto-listing type-auto-listing status-publish description-off auto-listing-20297 has-thumbnail\">\n\n\t\n<div class=\"image\">\n\t<a href=\"https:\/\/www.esteso.es\/en\/listing\/basculante\/\" title=\"BASCULANTE\">\n\t\t\t\t\t<span\n\t\t\t\tstyle=\"background:#ffffff;color:#e22929\"\n\t\t\t\tclass=\"status Leci\u00f1ena\">\n\t\t\t\t\t\t\t\t\t<i class=\"fas fa-trailer\"><\/i>\n\t\t\t\t\t\t\t\tLeci\u00f1ena\t\t\t<\/span>\n\t\t\n\t\t\n\t\t\t\t\t<img decoding=\"async\" alt=\"\" data-src=\"https:\/\/www.esteso.es\/wp-content\/uploads\/2025\/09\/R9000BBW-3-400x250.jpg\" src=\"data:image\/svg+xml;base64,PHN2ZyB3aWR0aD0iMSIgaGVpZ2h0PSIxIiB4bWxucz0iaHR0cDovL3d3dy53My5vcmcvMjAwMC9zdmciPjwvc3ZnPg==\" class=\"lazyload\" style=\"--smush-placeholder-width: 400px; --smush-placeholder-aspect-ratio: 400\/250;\" \/>\n\t\t\n\t<\/a>\n<\/div>\n\t<div class=\"summary\">\n\n\t\t\n<h3 class=\"title\">\n\t<a href=\"https:\/\/www.esteso.es\/en\/listing\/basculante\/\" title=\"BASCULANTE\">\n\t\tBASCULANTE\t<\/a>\n<\/h3>\n\n<div class=\"at-a-glance\">\n\n\t<ul>\n\t\t<li class=\"odomoter\"><i class=\"auto-icon-odometer\"><\/i> n\/a<\/li>\n\t\t\t<li class=\"transmission\"><i class=\"auto-icon-transmission\"><\/i> Neum\u00e1tica<\/li>\n\t\t\t<\/ul>\n\n<\/div>\n\n<div class=\"description\"><p>R-9000-BBW<br \/>\nA\u00f1o 2006<br \/>\nFrenos disco<\/p>\n<\/div>\n\n<div class=\"bottom-wrap\">\n\t<a class=\"al-button\" href=\"https:\/\/www.esteso.es\/en\/listing\/basculante\/\" title=\"View BASCULANTE\">More Details &nbsp; <i class=\"fa fa-angle-right\"><\/i><\/a>\n\t\t\t<span class=\"condition\">New Vehicle<\/span>\n\t<\/div>\n\n\t<\/div>\n\n\t\n<\/li>\n\n<li class=\"col-4 post-20127 auto-listing type-auto-listing status-publish description-off auto-listing-20127 has-thumbnail\">\n\n\t\n<div class=\"image\">\n\t<a href=\"https:\/\/www.esteso.es\/en\/listing\/lonas-8\/\" title=\"LONAS\">\n\t\t\t\t\t<span\n\t\t\t\tstyle=\"background:#ffffff;color:#e22929\"\n\t\t\t\tclass=\"status Fliegl\">\n\t\t\t\t\t\t\t\t\t<i class=\"fas fa-trailer\"><\/i>\n\t\t\t\t\t\t\t\tFliegl\t\t\t<\/span>\n\t\t\n\t\t\n\t\t\t\t\t<img decoding=\"async\" alt=\"tauliner segunda mano\" data-src=\"https:\/\/www.esteso.es\/wp-content\/uploads\/2025\/06\/R1705BDB-1-400x250.jpg\" src=\"data:image\/svg+xml;base64,PHN2ZyB3aWR0aD0iMSIgaGVpZ2h0PSIxIiB4bWxucz0iaHR0cDovL3d3dy53My5vcmcvMjAwMC9zdmciPjwvc3ZnPg==\" class=\"lazyload\" style=\"--smush-placeholder-width: 400px; --smush-placeholder-aspect-ratio: 400\/250;\" \/>\n\t\t\n\t<\/a>\n<\/div>\n\t<div class=\"summary\">\n\n\t\t\n<h3 class=\"title\">\n\t<a href=\"https:\/\/www.esteso.es\/en\/listing\/lonas-8\/\" title=\"LONAS\">\n\t\tLONAS\t<\/a>\n<\/h3>\n\n<div class=\"at-a-glance\">\n\n\t<ul>\n\t\t<li class=\"odomoter\"><i class=\"auto-icon-odometer\"><\/i> n\/a<\/li>\n\t\t\t<li class=\"transmission\"><i class=\"auto-icon-transmission\"><\/i> Neum\u00e1tica<\/li>\n\t\t\t<\/ul>\n\n<\/div>\n\n<div class=\"description\"><p>R-1705-BDB<br \/>\nA\u00f1o 2018<br \/>\nFrenos disco<\/p>\n<\/div>\n\n<div class=\"bottom-wrap\">\n\t<a class=\"al-button\" href=\"https:\/\/www.esteso.es\/en\/listing\/lonas-8\/\" title=\"View LONAS\">More Details &nbsp; <i class=\"fa fa-angle-right\"><\/i><\/a>\n\t\t\t<span class=\"condition\">New Vehicle<\/span>\n\t<\/div>\n\n\t<\/div>\n\n\t\n<\/li>\n<\/ul><ul class=\"auto-listings-items grid-view\">\n<li class=\"col-4 post-19883 auto-listing type-auto-listing status-publish description-off auto-listing-19883 has-thumbnail\">\n\n\t\n<div class=\"image\">\n\t<a href=\"https:\/\/www.esteso.es\/en\/listing\/portabobinas-3\/\" title=\"PORTABOBINAS\">\n\t\t\t\t\t<span\n\t\t\t\tstyle=\"background:#ffffff;color:#e22929\"\n\t\t\t\tclass=\"status Guill\u00e9n\">\n\t\t\t\t\t\t\t\t\t<i class=\"fas fa-trailer\"><\/i>\n\t\t\t\t\t\t\t\tGuill\u00e9n\t\t\t<\/span>\n\t\t\n\t\t\n\t\t\t\t\t<img decoding=\"async\" alt=\"\" data-src=\"https:\/\/www.esteso.es\/wp-content\/uploads\/2026\/01\/R8577BCX-1-400x250.jpg\" src=\"data:image\/svg+xml;base64,PHN2ZyB3aWR0aD0iMSIgaGVpZ2h0PSIxIiB4bWxucz0iaHR0cDovL3d3dy53My5vcmcvMjAwMC9zdmciPjwvc3ZnPg==\" class=\"lazyload\" style=\"--smush-placeholder-width: 400px; --smush-placeholder-aspect-ratio: 400\/250;\" \/>\n\t\t\n\t<\/a>\n<\/div>\n\t<div class=\"summary\">\n\n\t\t\n<h3 class=\"title\">\n\t<a href=\"https:\/\/www.esteso.es\/en\/listing\/portabobinas-3\/\" title=\"PORTABOBINAS\">\n\t\tPORTABOBINAS\t<\/a>\n<\/h3>\n\n<div class=\"at-a-glance\">\n\n\t<ul>\n\t\t<li class=\"odomoter\"><i class=\"auto-icon-odometer\"><\/i> n\/a<\/li>\n\t\t\t<li class=\"transmission\"><i class=\"auto-icon-transmission\"><\/i> Neum\u00e1tica<\/li>\n\t\t\t<\/ul>\n\n<\/div>\n\n<div class=\"description\"><p>R-8577-BCX<br \/>\nA\u00f1o 2017<br \/>\nFrenos disco<\/p>\n<\/div>\n\n<div class=\"bottom-wrap\">\n\t<a class=\"al-button\" href=\"https:\/\/www.esteso.es\/en\/listing\/portabobinas-3\/\" title=\"View PORTABOBINAS\">More Details &nbsp; <i class=\"fa fa-angle-right\"><\/i><\/a>\n\t\t\t<span class=\"condition\">New Vehicle<\/span>\n\t<\/div>\n\n\t<\/div>\n\n\t\n<\/li>\n\n<li class=\"col-4 post-18895 auto-listing type-auto-listing status-publish description-off auto-listing-18895 has-thumbnail\">\n\n\t\n<div class=\"image\">\n\t<a href=\"https:\/\/www.esteso.es\/en\/listing\/basculante-3\/\" title=\"BASCULANTE 11.20M\">\n\t\t\t\t\t<span\n\t\t\t\tstyle=\"background:#ffffff;color:#e22929\"\n\t\t\t\tclass=\"status Leci\u00f1ena\">\n\t\t\t\t\t\t\t\t\t<i class=\"fas fa-trailer\"><\/i>\n\t\t\t\t\t\t\t\tLeci\u00f1ena\t\t\t<\/span>\n\t\t\n\t\t\n\t\t\t\t\t<img decoding=\"async\" alt=\"\" data-src=\"https:\/\/www.esteso.es\/wp-content\/uploads\/2024\/04\/CU00890R-400x250.jpg\" src=\"data:image\/svg+xml;base64,PHN2ZyB3aWR0aD0iMSIgaGVpZ2h0PSIxIiB4bWxucz0iaHR0cDovL3d3dy53My5vcmcvMjAwMC9zdmciPjwvc3ZnPg==\" class=\"lazyload\" style=\"--smush-placeholder-width: 400px; --smush-placeholder-aspect-ratio: 400\/250;\" \/>\n\t\t\n\t<\/a>\n<\/div>\n\t<div class=\"summary\">\n\n\t\t\n<h3 class=\"title\">\n\t<a href=\"https:\/\/www.esteso.es\/en\/listing\/basculante-3\/\" title=\"BASCULANTE 11.20M\">\n\t\tBASCULANTE 11.20M\t<\/a>\n<\/h3>\n\n<div class=\"at-a-glance\">\n\n\t<ul>\n\t\t<li class=\"odomoter\"><i class=\"auto-icon-odometer\"><\/i> n\/a<\/li>\n\t\t\t<li class=\"transmission\"><i class=\"auto-icon-transmission\"><\/i> Ballesta<\/li>\n\t\t\t<\/ul>\n\n<\/div>\n\n<div class=\"description\"><p>CU-00890-R<br \/>\nSuspensi\u00f3n ballesta<br \/>\nFrenos tambor<\/p>\n<\/div>\n\n<div class=\"bottom-wrap\">\n\t<a class=\"al-button\" href=\"https:\/\/www.esteso.es\/en\/listing\/basculante-3\/\" title=\"View BASCULANTE 11.20M\">More Details &nbsp; <i class=\"fa fa-angle-right\"><\/i><\/a>\n\t\t\t<span class=\"condition\">New Vehicle<\/span>\n\t<\/div>\n\n\t<\/div>\n\n\t\n<\/li>\n\n<li class=\"col-4 post-16728 auto-listing type-auto-listing status-publish description-off auto-listing-16728 has-thumbnail\">\n\n\t\n<div class=\"image\">\n\t<a href=\"https:\/\/www.esteso.es\/en\/listing\/basculante-2\/\" title=\"BASCULANTE 12.50M\">\n\t\t\t\t\t<span\n\t\t\t\tstyle=\"background:#ffffff;color:#e22929\"\n\t\t\t\tclass=\"status Fruehauf\">\n\t\t\t\t\t\t\t\t\t<i class=\"fas fa-trailer\"><\/i>\n\t\t\t\t\t\t\t\tFruehauf\t\t\t<\/span>\n\t\t\n\t\t\n\t\t\t\t\t<img decoding=\"async\" alt=\"\" data-src=\"https:\/\/www.esteso.es\/wp-content\/uploads\/2025\/03\/R1067BBH-3-400x250.jpg\" src=\"data:image\/svg+xml;base64,PHN2ZyB3aWR0aD0iMSIgaGVpZ2h0PSIxIiB4bWxucz0iaHR0cDovL3d3dy53My5vcmcvMjAwMC9zdmciPjwvc3ZnPg==\" class=\"lazyload\" style=\"--smush-placeholder-width: 400px; --smush-placeholder-aspect-ratio: 400\/250;\" \/>\n\t\t\n\t<\/a>\n<\/div>\n\t<div class=\"summary\">\n\n\t\t\n<h3 class=\"title\">\n\t<a href=\"https:\/\/www.esteso.es\/en\/listing\/basculante-2\/\" title=\"BASCULANTE 12.50M\">\n\t\tBASCULANTE 12.50M\t<\/a>\n<\/h3>\n\n<div class=\"at-a-glance\">\n\n\t<ul>\n\t\t<li class=\"odomoter\"><i class=\"auto-icon-odometer\"><\/i> n\/a<\/li>\n\t\t\t<li class=\"transmission\"><i class=\"auto-icon-transmission\"><\/i> Neum\u00e1tica<\/li>\n\t\t\t<\/ul>\n\n<\/div>\n\n<div class=\"description\"><p>R-1067-BBH<br \/>\nSuspensi\u00f3n neum\u00e1tica<br \/>\nFrenos tambor<\/p>\n<\/div>\n\n<div class=\"bottom-wrap\">\n\t<a class=\"al-button\" href=\"https:\/\/www.esteso.es\/en\/listing\/basculante-2\/\" title=\"View BASCULANTE 12.50M\">More Details &nbsp; <i class=\"fa fa-angle-right\"><\/i><\/a>\n\t\t\t<span class=\"condition\">New Vehicle<\/span>\n\t<\/div>\n\n\t<\/div>\n\n\t\n<\/li>\n\n<li class=\"col-4 post-1113 auto-listing type-auto-listing status-publish description-off auto-listing-1113 has-thumbnail\">\n\n\t\n<div class=\"image\">\n\t<a href=\"https:\/\/www.esteso.es\/en\/listing\/1113\/\" title=\"LONAS\">\n\t\t\t\t\t<span\n\t\t\t\tstyle=\"background:#ffffff;color:#e22929\"\n\t\t\t\tclass=\"status Benalu\">\n\t\t\t\t\t\t\t\t\t<i class=\"fas fa-trailer\"><\/i>\n\t\t\t\t\t\t\t\tBenalu\t\t\t<\/span>\n\t\t\n\t\t\n\t\t\t\t\t<img decoding=\"async\" alt=\"semirremolque lonas talleres esteso\" data-src=\"https:\/\/www.esteso.es\/wp-content\/uploads\/2021\/09\/R3857BBN-3-400x250.jpg\" src=\"data:image\/svg+xml;base64,PHN2ZyB3aWR0aD0iMSIgaGVpZ2h0PSIxIiB4bWxucz0iaHR0cDovL3d3dy53My5vcmcvMjAwMC9zdmciPjwvc3ZnPg==\" class=\"lazyload\" style=\"--smush-placeholder-width: 400px; --smush-placeholder-aspect-ratio: 400\/250;\" \/>\n\t\t\n\t<\/a>\n<\/div>\n\t<div class=\"summary\">\n\n\t\t\n<h3 class=\"title\">\n\t<a href=\"https:\/\/www.esteso.es\/en\/listing\/1113\/\" title=\"LONAS\">\n\t\tLONAS\t<\/a>\n<\/h3>\n\n<div class=\"at-a-glance\">\n\n\t<ul>\n\t\t<li class=\"odomoter\"><i class=\"auto-icon-odometer\"><\/i> n\/a<\/li>\n\t\t\t<li class=\"transmission\"><i class=\"auto-icon-transmission\"><\/i> Neum\u00e1tica<\/li>\n\t\t\t<\/ul>\n\n<\/div>\n\n<div class=\"description\"><p>R-3857-BBN<br \/>\nA\u00f1o 1995<br \/>\nFrenos tambor<\/p>\n<\/div>\n\n<div class=\"bottom-wrap\">\n\t<a class=\"al-button\" href=\"https:\/\/www.esteso.es\/en\/listing\/1113\/\" title=\"View LONAS\">More Details &nbsp; <i class=\"fa fa-angle-right\"><\/i><\/a>\n\t\t\t<span class=\"condition\">New Vehicle<\/span>\n\t<\/div>\n\n\t<\/div>\n\n\t\n<\/li>\n<\/ul><ul class=\"auto-listings-items grid-view\">\n<li class=\"col-4 post-16411 auto-listing type-auto-listing status-publish description-off auto-listing-16411 has-thumbnail\">\n\n\t\n<div class=\"image\">\n\t<a href=\"https:\/\/www.esteso.es\/en\/listing\/furgon-2\/\" title=\"FURGON\">\n\t\t\t\t\t<span\n\t\t\t\tstyle=\"background:#ffffff;color:#e22929\"\n\t\t\t\tclass=\"status Fruehauf\">\n\t\t\t\t\t\t\t\t\t<i class=\"fas fa-trailer\"><\/i>\n\t\t\t\t\t\t\t\tFruehauf\t\t\t<\/span>\n\t\t\n\t\t\n\t\t\t\t\t<img decoding=\"async\" alt=\"\" data-src=\"https:\/\/www.esteso.es\/wp-content\/uploads\/2022\/11\/R1836BBH-1-400x250.jpg\" src=\"data:image\/svg+xml;base64,PHN2ZyB3aWR0aD0iMSIgaGVpZ2h0PSIxIiB4bWxucz0iaHR0cDovL3d3dy53My5vcmcvMjAwMC9zdmciPjwvc3ZnPg==\" class=\"lazyload\" style=\"--smush-placeholder-width: 400px; --smush-placeholder-aspect-ratio: 400\/250;\" \/>\n\t\t\n\t<\/a>\n<\/div>\n\t<div class=\"summary\">\n\n\t\t\n<h3 class=\"title\">\n\t<a href=\"https:\/\/www.esteso.es\/en\/listing\/furgon-2\/\" title=\"FURGON\">\n\t\tFURGON\t<\/a>\n<\/h3>\n\n<div class=\"at-a-glance\">\n\n\t<ul>\n\t\t<li class=\"odomoter\"><i class=\"auto-icon-odometer\"><\/i> n\/a<\/li>\n\t\t\t<li class=\"transmission\"><i class=\"auto-icon-transmission\"><\/i> Neum\u00e1tica<\/li>\n\t\t\t<\/ul>\n\n<\/div>\n\n<div class=\"description\"><p>R-1836-BBH<br \/>\nA\u00f1o 2001<br \/>\nFrenos tambor<\/p>\n<\/div>\n\n<div class=\"bottom-wrap\">\n\t<a class=\"al-button\" href=\"https:\/\/www.esteso.es\/en\/listing\/furgon-2\/\" title=\"View FURGON\">More Details &nbsp; <i class=\"fa fa-angle-right\"><\/i><\/a>\n\t\t\t<span class=\"condition\">New Vehicle<\/span>\n\t<\/div>\n\n\t<\/div>\n\n\t\n<\/li>\n<\/ul><\/p>\n<p>[\/vc_column_text][\/vc_column][\/vc_row][vc_row full_width=&#8221;stretch_row_content&#8221; equal_height=&#8221;yes&#8221; content_placement=&#8221;top&#8221; css=&#8221;.vc_custom_1625742469491{background-color: #3a3d46 !important;}&#8221;][vc_column width=&#8221;1\/2&#8243; el_class=&#8221;hombre-camion&#8221; css=&#8221;.vc_custom_1633589227185{background-image: url(https:\/\/www.esteso.es\/wp-content\/uploads\/2021\/07\/vende-tu-vehiculo-1.jpg?id=809) !important;background-position: center !important;background-repeat: no-repeat !important;background-size: cover !important;}&#8221;][\/vc_column][vc_column width=&#8221;1\/2&#8243;][vc_row_inner css=&#8221;.vc_custom_1625742529078{margin-top: 20px !important;}&#8221;][vc_column_inner width=&#8221;1\/2&#8243;]<div id=\"ultimate-heading-4186a9a826acf9a7\" class=\"uvc-heading ult-adjust-bottom-margin ultimate-heading-4186a9a826acf9a7 uvc-6415 \" data-hspacer=\"no_spacer\"  data-halign=\"left\" style=\"text-align:left\"><div class=\"uvc-heading-spacer no_spacer\" style=\"top\"><\/div><div class=\"uvc-main-heading ult-responsive\"  data-ultimate-target='.uvc-heading.ultimate-heading-4186a9a826acf9a7 span'  data-responsive-json-new='{\"font-size\":\"desktop:46px;\",\"line-height\":\"desktop:67px;\"}' ><span style=\"font-family:&#039;Anton&#039;;font-weight:normal;color:#ffffff;\">\u00bfQuieres vender tu veh\u00edculo?<\/span><\/div><\/div>[vc_column_text css=&#8221;.vc_custom_1625742399433{padding-top: 20px !important;}&#8221;]<span style=\"color: #ffffff;\">Si est\u00e1s interesado en vender tu remolque, semirremolque, cami\u00f3n o maquinar\u00eda usada, contacta con nosotros y te ofreceremos un precio de compra.<\/span>[\/vc_column_text]<div class=\" ubtn-ctn-left \"><a class=\"ubtn-link ult-adjust-bottom-margin ubtn-left ubtn-normal \" href=\"\/contacto\/\" ><button type=\"button\" id=\"ubtn-2928\"  class=\"ubtn ult-adjust-bottom-margin ult-responsive ubtn-normal ubtn-no-hover-bg  none  ubtn-left   tooltip-6a9a826acfa3c\"  data-hover=\"#ffffff\" data-border-color=\"\" data-bg=\"#e22929\" data-hover-bg=\"#fb5b5b\" data-border-hover=\"\" data-shadow-hover=\"\" data-shadow-click=\"none\" data-shadow=\"\" data-shd-shadow=\"\"  data-ultimate-target='#ubtn-2928'  data-responsive-json-new='{\"font-size\":\"desktop:18px;\",\"line-height\":\"desktop:26px;\"}'  style=\"font-family:&#039;Anton&#039;;font-weight:normal;border:none;background: #e22929;color: #ffffff;\"><span class=\"ubtn-hover\" style=\"background-color:#fb5b5b\"><\/span><span class=\"ubtn-data ubtn-text \" >CONT\u00c1CTANOS<\/span><\/button><\/a><\/div><div id=\"ultimate-heading-12936a9a826acfb1a\" class=\"uvc-heading ult-adjust-bottom-margin ultimate-heading-12936a9a826acfb1a uvc-8104 \" data-hspacer=\"no_spacer\"  data-halign=\"left\" style=\"text-align:left\"><div class=\"uvc-heading-spacer no_spacer\" style=\"top\"><\/div><div class=\"uvc-main-heading ult-responsive\"  data-ultimate-target='.uvc-heading.ultimate-heading-12936a9a826acfb1a h3'  data-responsive-json-new='{\"font-size\":\"\",\"line-height\":\"\"}' ><h3 style=\"font-weight:normal;color:#ffffff;\">\u00bfTienes fotos? puedes envi\u00e1rnoslas por Whatsapp<\/h3><\/div><\/div>[vc_raw_html]JTNDc3R5bGUlM0UlMEEuZGl2X21lZGlvJTdCJTBBcGFkZGluZy10b3AlM0ExMHB4JTNCJTBBZmxvYXQlM0ElMjBsZWZ0JTNCJTBBZGlzcGxheSUzQWJsb2NrJTNCJTBBbWF4LXdpZHRoJTNBMjgwcHglM0IlMEFqdXN0aWZ5LWNvbnRlbnQlM0FjZW50ZXIlM0IlMEElN0QlMEEuYm90b25fY3VzdG9tJTdCJTBBYmFja2dyb3VuZCUzQSUyMCUyM0ZGRkZGRiUzQiUwQWZvbnQtZmFtaWx5JTNBJTIwQW50b24lM0IlMEFmb250LXN0eWxlJTNBJTIwbm9ybWFsJTNCJTBBZm9udC13ZWlnaHQlM0ElMjBub3JtYWwlM0IlMEFmb250LXNpemUlM0ElMjAxOHB4JTNCJTBBbGluZS1oZWlnaHQlM0ElMjAyNnB4JTNCJTBBdGV4dC1hbGlnbiUzQSUyMGNlbnRlciUzQiUwQXRleHQtdHJhbnNmb3JtJTNBJTIwdXBwZXJjYXNlJTNCJTBBY29sb3IlM0ElMjAlMjMzQTNENDYlM0IlMEElMDlwYWRkaW5nJTNBMjBweCUzQiUwQSU3RCUwQSUzQyUyRnN0eWxlJTNFJTBBJTNDZGl2JTIwY2xhc3MlM0QlMjJkaXZfbWVkaW8lMjIlM0UlM0NhJTIwaHJlZiUzRCUyMmh0dHBzJTNBJTJGJTJGYXBpLndoYXRzYXBwLmNvbSUyRnNlbmQlMkYlM0ZwaG9uZSUzRDM0NzIyMzg3MzAyJTI2dGV4dCUzRCUyNUMyJTI1QTFIb2xhJTI1MjElMjUyQyUyQnRlbmdvJTJCdW5hJTJCY29uc3VsdGElMjZhcHBfYWJzZW50JTNEMCUyMiUyMHRhcmdldCUzRCUyMl9ibGFuayUyMiUyMCUyMHN0eWxlJTNEJTIydGV4dC1kZWNvcmF0aW9uJTNBbm9uZSUzQiUyMiUzRSUzQ3NwYW4lMjBjbGFzcyUzRCUyMmJvdG9uX2N1c3RvbSUyMiUzRSUzQ2klMjBjbGFzcyUzRCUyMmZhYiUyMGZhLXdoYXRzYXBwJTIyJTIwc3R5bGUlM0QlMjJtYXJnaW4tcmlnaHQlM0ExMnB4JTNCJTIyJTNFJTNDJTJGaSUzRVdIQVRTQVBQJTIwNzIyJTIwMzg3JTIwMzAyJTNDJTJGc3BhbiUzRSUzQyUyRmElM0UlM0MlMkZkaXYlM0U=[\/vc_raw_html][\/vc_column_inner][vc_column_inner width=&#8221;1\/2&#8243;][\/vc_column_inner][\/vc_row_inner][vc_row_inner][vc_column_inner][vc_empty_space height=&#8221;40&#8243;][\/vc_column_inner][\/vc_row_inner][\/vc_column][\/vc_row][vc_row full_width=&#8221;stretch_row&#8221; gap=&#8221;20&#8243; css=&#8221;.vc_custom_1625737467675{margin-bottom: -70px !important;background-color: #e8e9e9 !important;}&#8221;][vc_column width=&#8221;1\/2&#8243;][vc_row_inner][vc_column_inner offset=&#8221;vc_hidden-sm vc_hidden-xs&#8221;][vc_empty_space height=&#8221;60&#8243;][\/vc_column_inner][\/vc_row_inner]<div id=\"ultimate-heading-68376a9a826acfb6b\" class=\"uvc-heading ult-adjust-bottom-margin ultimate-heading-68376a9a826acfb6b uvc-2209 \" data-hspacer=\"no_spacer\"  data-halign=\"left\" style=\"text-align:left\"><div class=\"uvc-heading-spacer no_spacer\" style=\"top\"><\/div><div class=\"uvc-main-heading ult-responsive\"  data-ultimate-target='.uvc-heading.ultimate-heading-68376a9a826acfb6b h2'  data-responsive-json-new='{\"font-size\":\"\",\"line-height\":\"\"}' ><h2 style=\"font-weight:normal;margin-bottom:40px;\">Contacta con nosotros<\/h2><\/div><\/div>[vc_row_inner equal_height=&#8221;yes&#8221;][vc_column_inner width=&#8221;1\/2&#8243;]<div class=\"aio-icon-component    style_1\"><a class=\"aio-icon-box-link\" href=\"mailto:m.perona@esteso.es\" ><div id=\"Info-box-wrap-9595\" class=\"aio-icon-box default-icon\" style=\"\"  ><div class=\"aio-icon-default\"><div class=\"ult-just-icon-wrapper  \"><div class=\"align-icon\" style=\"text-align:center;\">\n<div class=\"aio-icon none \"  style=\"color:#e22929;font-size:17px;display:inline-block;\">\n\t<i class=\"fas fa-user-friends\"><\/i>\n<\/div><\/div><\/div><\/div><div class=\"aio-icon-header\" ><h3 class=\"aio-icon-title ult-responsive\"  data-ultimate-target='#Info-box-wrap-9595 .aio-icon-title'  data-responsive-json-new='{\"font-size\":\"\",\"line-height\":\"\"}'  style=\"\">COMERCIAL USADO<\/h3><\/div> <!-- header --><div class=\"aio-icon-description ult-responsive\"  data-ultimate-target='#Info-box-wrap-9595 .aio-icon-description'  data-responsive-json-new='{\"font-size\":\"desktop:16px;\",\"line-height\":\"desktop:19px;\"}'  style=\"font-family:&#039;Rubik&#039;;color:#3a3d46;\">722 38 73 02\u00a0 m.perona@esteso.es<\/div> <!-- description --><\/div> <!-- aio-icon-box --><\/a><\/div> <!-- aio-icon-component -->[\/vc_column_inner][vc_column_inner width=&#8221;1\/2&#8243;]<div class=\"aio-icon-component    style_1\"><div id=\"Info-box-wrap-7863\" class=\"aio-icon-box default-icon\" style=\"\"  ><div class=\"aio-icon-default\"><div class=\"ult-just-icon-wrapper  \"><div class=\"align-icon\" style=\"text-align:center;\">\n<div class=\"aio-icon none \"  style=\"color:#e22929;font-size:17px;display:inline-block;\">\n\t<i class=\"icomoon-the7-font-the7-clock-01\"><\/i>\n<\/div><\/div><\/div><\/div><div class=\"aio-icon-header\" ><h3 class=\"aio-icon-title ult-responsive\"  data-ultimate-target='#Info-box-wrap-7863 .aio-icon-title'  data-responsive-json-new='{\"font-size\":\"\",\"line-height\":\"\"}'  style=\"\">HORARIO<\/h3><\/div> <!-- header --><div class=\"aio-icon-description ult-responsive\"  data-ultimate-target='#Info-box-wrap-7863 .aio-icon-description'  data-responsive-json-new='{\"font-size\":\"desktop:16px;\",\"line-height\":\"desktop:19px;\"}'  style=\"font-family:&#039;Rubik&#039;;color:#3a3d46;\">Lunes-Viernes<br \/>\n9:00-14:00<br \/>\n15:30-18:30<\/p>\n<p>S\u00e1bados<br \/>\n9:00-13:00<\/div> <!-- description --><\/div> <!-- aio-icon-box --><\/div> <!-- aio-icon-component -->[\/vc_column_inner][\/vc_row_inner][vc_row_inner][vc_column_inner][vc_raw_html]JTNDZGl2JTIwc3R5bGUlM0QlMjJib3JkZXIlM0EzcHglMjBzb2xpZCUyMCUyM2ZmZiUzQiUyMiUzRSUwQSUzQ2lmcmFtZSUyMHNyYyUzRCUyMmh0dHBzJTNBJTJGJTJGd3d3Lmdvb2dsZS5jb20lMkZtYXBzJTJGZW1iZWQlM0ZwYiUzRCUyMTFtMTglMjExbTEyJTIxMW0zJTIxMWQxMjY5Mi41NjgwOTY4MTUzOTIlMjEyZC0yLjQxMjg1MDM4Mzg4ODc3NCUyMTNkMzkuNDA1ODI3NDg1MDY5ODYlMjEybTMlMjExZjAlMjEyZjAlMjEzZjAlMjEzbTIlMjExaTEwMjQlMjEyaTc2OCUyMTRmMTMuMSUyMTNtMyUyMTFtMiUyMTFzMHhkNjdkNjVkZjAwOTcxY2YlMjUzQTB4NDA4ZDc3ZDFhMTQzNDdkJTIxMnNUYWxsZXJlcyUyNTIwRXN0ZXNvJTI1MjBTJTI1MjBMJTIxNWUwJTIxM20yJTIxMXNlcyUyMTJzZXMlMjE0djE2MjU2MzgzMTE2MjQlMjE1bTIlMjExc2VzJTIxMnNlcyUyMiUyMHdpZHRoJTNEJTIyNjAwJTIyJTIwaGVpZ2h0JTNEJTIyNDUwJTIyJTIwc3R5bGUlM0QlMjJib3JkZXIlM0EwJTNCJTIyJTIwYWxsb3dmdWxsc2NyZWVuJTNEJTIyJTIyJTIwbG9hZGluZyUzRCUyMmxhenklMjIlM0UlM0MlMkZpZnJhbWUlM0UlMEElM0MlMkZkaXYlM0U=[\/vc_raw_html][\/vc_column_inner][\/vc_row_inner][\/vc_column][vc_column width=&#8221;1\/2&#8243;][vc_row_inner][vc_column_inner offset=&#8221;vc_hidden-sm vc_hidden-xs&#8221;][vc_empty_space height=&#8221;120&#8243;][\/vc_column_inner][\/vc_row_inner][vc_row_inner][vc_column_inner][vc_column_text]\n<div class=\"wpcf7 no-js\" id=\"wpcf7-f6-o1\" lang=\"es-ES\" dir=\"ltr\" data-wpcf7-id=\"6\">\n<div class=\"screen-reader-response\"><p role=\"status\" aria-live=\"polite\" aria-atomic=\"true\"><\/p> <ul><\/ul><\/div>\n<form action=\"\/en\/wp-json\/wp\/v2\/pages\/12787#wpcf7-f6-o1\" method=\"post\" class=\"wpcf7-form init\" aria-label=\"Formulario de contacto\" novalidate=\"novalidate\" data-status=\"init\">\n<fieldset class=\"hidden-fields-container\"><input type=\"hidden\" name=\"_wpcf7\" value=\"6\" \/><input type=\"hidden\" name=\"_wpcf7_version\" value=\"6.1.6\" \/><input type=\"hidden\" name=\"_wpcf7_locale\" value=\"es_ES\" \/><input type=\"hidden\" name=\"_wpcf7_unit_tag\" value=\"wpcf7-f6-o1\" \/><input type=\"hidden\" name=\"_wpcf7_container_post\" value=\"0\" \/><input type=\"hidden\" name=\"_wpcf7_posted_data_hash\" value=\"\" \/><input type=\"hidden\" name=\"_wpcf7_recaptcha_response\" value=\"\" \/>\n<\/fieldset>\n<div style=\"margin-bottom:17px;\">\n\t<p><span class=\"wpcf7-form-control-wrap\" data-name=\"nombre\"><input size=\"40\" maxlength=\"400\" class=\"wpcf7-form-control wpcf7-text\" aria-invalid=\"false\" placeholder=\"Nombre y apellidos\" value=\"\" type=\"text\" name=\"nombre\" \/><\/span>\n\t<\/p>\n<\/div>\n<div style=\"margin-bottom:17px;\">\n\t<p><span class=\"wpcf7-form-control-wrap\" data-name=\"email\"><input size=\"40\" maxlength=\"400\" class=\"wpcf7-form-control wpcf7-email wpcf7-text wpcf7-validates-as-email\" aria-invalid=\"false\" placeholder=\"Email\" value=\"\" type=\"email\" name=\"email\" \/><\/span>\n\t<\/p>\n<\/div>\n<div style=\"margin-bottom:17px;\">\n\t<p><span class=\"wpcf7-form-control-wrap\" data-name=\"telefono\"><input size=\"40\" maxlength=\"400\" class=\"wpcf7-form-control wpcf7-tel wpcf7-text wpcf7-validates-as-tel\" aria-invalid=\"false\" placeholder=\"Tel\u00e9fono\" value=\"\" type=\"tel\" name=\"telefono\" \/><\/span>\n\t<\/p>\n<\/div>\n<p><span class=\"wpcf7-form-control-wrap\" data-name=\"mensaje\"><textarea cols=\"40\" rows=\"10\" maxlength=\"2000\" class=\"wpcf7-form-control wpcf7-textarea\" aria-invalid=\"false\" placeholder=\"Mensaje\" name=\"mensaje\"><\/textarea><\/span>\n<\/p>\n<div class=\"rgpd\">\n\t<p><span class=\"wpcf7-form-control-wrap\" data-name=\"acceptance-846\"><span class=\"wpcf7-form-control wpcf7-acceptance\"><span class=\"wpcf7-list-item\"><label><input type=\"checkbox\" name=\"acceptance-846\" value=\"1\" aria-invalid=\"false\" \/><span class=\"wpcf7-list-item-label\">&nbsp * Acepto la Pol\u00edtica de Privacidad y Tratamiento de datos<\/span><\/label><\/span><\/span><\/span><br \/>\n<span class=\"wpcf7-form-control-wrap\" data-name=\"acceptance-505\"><span class=\"wpcf7-form-control wpcf7-acceptance\"><span class=\"wpcf7-list-item\"><label><input type=\"checkbox\" name=\"acceptance-505\" value=\"1\" aria-invalid=\"false\" \/><span class=\"wpcf7-list-item-label\">&nbsp * Acepto ceder mis datos con la finalidad de poder recibir respuesta a la informaci\u00f3n solicitada<\/span><\/label><\/span><\/span><\/span><br \/>\nResponsable del tratamiento: TALLERES ESTESO S.L. Direcci\u00f3n del responsable: TALLERES ESTESO S.L. Finalidad: Sus datos ser\u00e1n usados para poder atender sus solicitudes y prestarle nuestros servicios. Legitimaci\u00f3n: \u00danicamente trataremos sus datos con su consentimiento previo, que podr\u00e1 facilitarnos mediante la casilla correspondiente establecida al efecto. Destinatarios: Con car\u00e1cter general, s\u00f3lo el personal de nuestra entidad que est\u00e9 debidamente autorizado podr\u00e1 tener conocimiento de la informaci\u00f3n que le pedimos. Derechos: Tiene derecho a saber qu\u00e9 informaci\u00f3n tenemos sobre usted, corregirla y eliminarla, tal y como se explica en la informaci\u00f3n adicional disponible en nuestra p\u00e1gina web.\n\t<\/p>\n<\/div>\n<p><input class=\"wpcf7-form-control wpcf7-submit has-spinner\" id=\"enviar_form\" type=\"submit\" value=\"ENVIAR\" \/>\n<\/p><p style=\"display: none !important;\" class=\"akismet-fields-container\" data-prefix=\"_wpcf7_ak_\"><label>&#916;<textarea name=\"_wpcf7_ak_hp_textarea\" cols=\"45\" rows=\"8\" maxlength=\"100\"><\/textarea><\/label><input type=\"hidden\" id=\"ak_js_1\" name=\"_wpcf7_ak_js\" value=\"27\"\/><script>\ndocument.getElementById( \"ak_js_1\" ).setAttribute( \"value\", ( new Date() ).getTime() );\n<\/script>\n<\/p><div class=\"wpcf7-response-output\" aria-hidden=\"true\"><\/div>\n<\/form>\n<\/div>\n[\/vc_column_text][\/vc_column_inner][\/vc_row_inner][\/vc_column][\/vc_row]<\/p>\n<\/div>","protected":false},"excerpt":{"rendered":"<p>[vc_row equal_height=&#8221;yes&#8221; content_placement=&#8221;top&#8221;][vc_column][\/vc_column][\/vc_row][vc_row equal_height=&#8221;yes&#8221;][vc_column css=&#8221;.vc_custom_1626105139584{padding-left: 0px !important;}&#8221;][vc_row_inner css=&#8221;.vc_custom_1626937374991{padding-bottom: 40px !important;}&#8221;][vc_column_inner width=&#8221;1\/5&#8243;][\/vc_column_inner][vc_column_inner width=&#8221;4\/5&#8243;][vc_column_text][\/vc_column_text][\/vc_column_inner][\/vc_row_inner][vc_column_text css=&#8221;.vc_custom_1650869528260{padding-bottom: 40px !important;}&#8221;] [\/vc_column_text][\/vc_column][\/vc_row][vc_row full_width=&#8221;stretch_row_content&#8221; equal_height=&#8221;yes&#8221; content_placement=&#8221;top&#8221; css=&#8221;.vc_custom_1625742469491{background-color: #3a3d46 !important;}&#8221;][vc_column width=&#8221;1\/2&#8243; el_class=&#8221;hombre-camion&#8221; css=&#8221;.vc_custom_1633589227185{background-image: url(https:\/\/www.esteso.es\/wp-content\/uploads\/2021\/07\/vende-tu-vehiculo-1.jpg?id=809) !important;background-position: center !important;background-repeat: no-repeat !important;background-size: cover !important;}&#8221;][\/vc_column][vc_column width=&#8221;1\/2&#8243;][vc_row_inner css=&#8221;.vc_custom_1625742529078{margin-top: 20px !important;}&#8221;][vc_column_inner width=&#8221;1\/2&#8243;][vc_column_text css=&#8221;.vc_custom_1625742399433{padding-top: 20px !important;}&#8221;]Si est\u00e1s interesado en vender tu remolque, semirremolque, cami\u00f3n o maquinar\u00eda usada, contacta con nosotros&hellip;<\/p>\n","protected":false},"author":1,"featured_media":0,"parent":0,"menu_order":0,"comment_status":"closed","ping_status":"closed","template":"","meta":{"rs_blank_template":"","rs_page_bg_color":"","slide_template_v7":"","footnotes":""},"class_list":["post-12787","page","type-page","status-publish","hentry","description-off"],"yoast_head":"<!-- This site is optimized with the Yoast SEO plugin v28.1 - https:\/\/yoast.com\/product\/yoast-seo-wordpress\/ -->\n<title>2\u00aa mano \/ alquiler - Talleres Esteso<\/title>\n<meta name=\"description\" content=\"Semirremolques de ocasi\u00f3n. Venta de semirremolques usados para cami\u00f3n trailer. Semirremolques usados tauliner, caja abierta, basculantes y pisos m\u00f3viles.\" \/>\n<meta name=\"robots\" content=\"index, follow, max-snippet:-1, max-image-preview:large, max-video-preview:-1\" \/>\n<link rel=\"canonical\" href=\"https:\/\/www.esteso.es\/en\/semirremolques-de-segunda-mano-usados\/\" \/>\n<meta property=\"og:locale\" content=\"en_US\" \/>\n<meta property=\"og:type\" content=\"article\" \/>\n<meta property=\"og:title\" content=\"2\u00aa mano \/ alquiler - Talleres Esteso\" \/>\n<meta property=\"og:description\" content=\"Semirremolques de ocasi\u00f3n. Venta de semirremolques usados para cami\u00f3n trailer. Semirremolques usados tauliner, caja abierta, basculantes y pisos m\u00f3viles.\" \/>\n<meta property=\"og:url\" content=\"https:\/\/www.esteso.es\/en\/semirremolques-de-segunda-mano-usados\/\" \/>\n<meta property=\"og:site_name\" content=\"Talleres Esteso\" \/>\n<meta property=\"article:publisher\" content=\"https:\/\/www.facebook.com\/talleresesteso\/\" \/>\n<meta property=\"article:modified_time\" content=\"2026-06-10T10:18:41+00:00\" \/>\n<meta name=\"twitter:card\" content=\"summary_large_image\" \/>\n<meta name=\"twitter:label1\" content=\"Est. reading time\" \/>\n\t<meta name=\"twitter:data1\" content=\"4 minutes\" \/>\n<script type=\"application\/ld+json\" class=\"yoast-schema-graph\">{\"@context\":\"https:\\\/\\\/schema.org\",\"@graph\":[{\"@type\":\"WebPage\",\"@id\":\"https:\\\/\\\/www.esteso.es\\\/en\\\/semirremolques-de-segunda-mano-usados\\\/\",\"url\":\"https:\\\/\\\/www.esteso.es\\\/en\\\/semirremolques-de-segunda-mano-usados\\\/\",\"name\":\"2\u00aa mano \\\/ alquiler - Talleres Esteso\",\"isPartOf\":{\"@id\":\"https:\\\/\\\/www.esteso.es\\\/#website\"},\"datePublished\":\"2021-07-09T11:31:28+00:00\",\"dateModified\":\"2026-06-10T10:18:41+00:00\",\"description\":\"Semirremolques de ocasi\u00f3n. Venta de semirremolques usados para cami\u00f3n trailer. Semirremolques usados tauliner, caja abierta, basculantes y pisos m\u00f3viles.\",\"breadcrumb\":{\"@id\":\"https:\\\/\\\/www.esteso.es\\\/en\\\/semirremolques-de-segunda-mano-usados\\\/#breadcrumb\"},\"inLanguage\":\"en-US\",\"potentialAction\":[{\"@type\":\"ReadAction\",\"target\":[\"https:\\\/\\\/www.esteso.es\\\/en\\\/semirremolques-de-segunda-mano-usados\\\/\"]}]},{\"@type\":\"BreadcrumbList\",\"@id\":\"https:\\\/\\\/www.esteso.es\\\/en\\\/semirremolques-de-segunda-mano-usados\\\/#breadcrumb\",\"itemListElement\":[{\"@type\":\"ListItem\",\"position\":1,\"name\":\"Portada\",\"item\":\"https:\\\/\\\/www.esteso.es\\\/en\\\/\"},{\"@type\":\"ListItem\",\"position\":2,\"name\":\"2\u00aa mano \\\/ alquiler\"}]},{\"@type\":\"WebSite\",\"@id\":\"https:\\\/\\\/www.esteso.es\\\/#website\",\"url\":\"https:\\\/\\\/www.esteso.es\\\/\",\"name\":\"Talleres Esteso\",\"description\":\"Compraventa y reparaci\u00f3n de semirremolques. Repuestos y piezas para camiones.\",\"publisher\":{\"@id\":\"https:\\\/\\\/www.esteso.es\\\/#organization\"},\"potentialAction\":[{\"@type\":\"SearchAction\",\"target\":{\"@type\":\"EntryPoint\",\"urlTemplate\":\"https:\\\/\\\/www.esteso.es\\\/?s={search_term_string}\"},\"query-input\":{\"@type\":\"PropertyValueSpecification\",\"valueRequired\":true,\"valueName\":\"search_term_string\"}}],\"inLanguage\":\"en-US\"},{\"@type\":\"Organization\",\"@id\":\"https:\\\/\\\/www.esteso.es\\\/#organization\",\"name\":\"Talleres Esteso\",\"url\":\"https:\\\/\\\/www.esteso.es\\\/\",\"logo\":{\"@type\":\"ImageObject\",\"inLanguage\":\"en-US\",\"@id\":\"https:\\\/\\\/www.esteso.es\\\/#\\\/schema\\\/logo\\\/image\\\/\",\"url\":\"https:\\\/\\\/www.esteso.es\\\/wp-content\\\/uploads\\\/2022\\\/02\\\/Redimension-categoria-web-Esteso.jpg\",\"contentUrl\":\"https:\\\/\\\/www.esteso.es\\\/wp-content\\\/uploads\\\/2022\\\/02\\\/Redimension-categoria-web-Esteso.jpg\",\"width\":1500,\"height\":1000,\"caption\":\"Talleres Esteso\"},\"image\":{\"@id\":\"https:\\\/\\\/www.esteso.es\\\/#\\\/schema\\\/logo\\\/image\\\/\"},\"sameAs\":[\"https:\\\/\\\/www.facebook.com\\\/talleresesteso\\\/\",\"https:\\\/\\\/www.instagram.com\\\/accounts\\\/login\\\/?next=\\\/talleresesteso\\\/\",\"https:\\\/\\\/www.linkedin.com\\\/authwall?trk=ripf&amp;trkInfo=AQGBHnxZdPT8ywAAAYBGtWZYj51QUaH6D94Y8kEk0LNGo0Kg72VY9ZOP7bDemFqcJ5YbQ1WEoVvu21YoNaBRZZ-omWOLdOljUSuNfJIOL5xV6CtNt_HGYPV62FXryvJTPF3GY3I=&amp;originalReferer=https:\\\/\\\/www.google.com\\\/&amp;sessionRedirect=https:\\\/\\\/es.linkedin.com\\\/company\\\/talleresesteso\",\"https:\\\/\\\/pin.it\\\/1B4cJq9\",\"https:\\\/\\\/www.youtube.com\\\/channel\\\/UCuhvKB1EibPtQhRfCd8qGqQ\"]}]}<\/script>\n<!-- \/ Yoast SEO plugin. -->","yoast_head_json":{"title":"2\u00aa mano \/ alquiler - Talleres Esteso","description":"Semirremolques de ocasi\u00f3n. Venta de semirremolques usados para cami\u00f3n trailer. Semirremolques usados tauliner, caja abierta, basculantes y pisos m\u00f3viles.","robots":{"index":"index","follow":"follow","max-snippet":"max-snippet:-1","max-image-preview":"max-image-preview:large","max-video-preview":"max-video-preview:-1"},"canonical":"https:\/\/www.esteso.es\/en\/semirremolques-de-segunda-mano-usados\/","og_locale":"en_US","og_type":"article","og_title":"2\u00aa mano \/ alquiler - Talleres Esteso","og_description":"Semirremolques de ocasi\u00f3n. Venta de semirremolques usados para cami\u00f3n trailer. Semirremolques usados tauliner, caja abierta, basculantes y pisos m\u00f3viles.","og_url":"https:\/\/www.esteso.es\/en\/semirremolques-de-segunda-mano-usados\/","og_site_name":"Talleres Esteso","article_publisher":"https:\/\/www.facebook.com\/talleresesteso\/","article_modified_time":"2026-06-10T10:18:41+00:00","twitter_card":"summary_large_image","twitter_misc":{"Est. reading time":"4 minutes"},"schema":{"@context":"https:\/\/schema.org","@graph":[{"@type":"WebPage","@id":"https:\/\/www.esteso.es\/en\/semirremolques-de-segunda-mano-usados\/","url":"https:\/\/www.esteso.es\/en\/semirremolques-de-segunda-mano-usados\/","name":"2\u00aa mano \/ alquiler - Talleres Esteso","isPartOf":{"@id":"https:\/\/www.esteso.es\/#website"},"datePublished":"2021-07-09T11:31:28+00:00","dateModified":"2026-06-10T10:18:41+00:00","description":"Semirremolques de ocasi\u00f3n. Venta de semirremolques usados para cami\u00f3n trailer. Semirremolques usados tauliner, caja abierta, basculantes y pisos m\u00f3viles.","breadcrumb":{"@id":"https:\/\/www.esteso.es\/en\/semirremolques-de-segunda-mano-usados\/#breadcrumb"},"inLanguage":"en-US","potentialAction":[{"@type":"ReadAction","target":["https:\/\/www.esteso.es\/en\/semirremolques-de-segunda-mano-usados\/"]}]},{"@type":"BreadcrumbList","@id":"https:\/\/www.esteso.es\/en\/semirremolques-de-segunda-mano-usados\/#breadcrumb","itemListElement":[{"@type":"ListItem","position":1,"name":"Portada","item":"https:\/\/www.esteso.es\/en\/"},{"@type":"ListItem","position":2,"name":"2\u00aa mano \/ alquiler"}]},{"@type":"WebSite","@id":"https:\/\/www.esteso.es\/#website","url":"https:\/\/www.esteso.es\/","name":"Talleres Esteso","description":"Compraventa y reparaci\u00f3n de semirremolques. Repuestos y piezas para camiones.","publisher":{"@id":"https:\/\/www.esteso.es\/#organization"},"potentialAction":[{"@type":"SearchAction","target":{"@type":"EntryPoint","urlTemplate":"https:\/\/www.esteso.es\/?s={search_term_string}"},"query-input":{"@type":"PropertyValueSpecification","valueRequired":true,"valueName":"search_term_string"}}],"inLanguage":"en-US"},{"@type":"Organization","@id":"https:\/\/www.esteso.es\/#organization","name":"Talleres Esteso","url":"https:\/\/www.esteso.es\/","logo":{"@type":"ImageObject","inLanguage":"en-US","@id":"https:\/\/www.esteso.es\/#\/schema\/logo\/image\/","url":"https:\/\/www.esteso.es\/wp-content\/uploads\/2022\/02\/Redimension-categoria-web-Esteso.jpg","contentUrl":"https:\/\/www.esteso.es\/wp-content\/uploads\/2022\/02\/Redimension-categoria-web-Esteso.jpg","width":1500,"height":1000,"caption":"Talleres Esteso"},"image":{"@id":"https:\/\/www.esteso.es\/#\/schema\/logo\/image\/"},"sameAs":["https:\/\/www.facebook.com\/talleresesteso\/","https:\/\/www.instagram.com\/accounts\/login\/?next=\/talleresesteso\/","https:\/\/www.linkedin.com\/authwall?trk=ripf&amp;trkInfo=AQGBHnxZdPT8ywAAAYBGtWZYj51QUaH6D94Y8kEk0LNGo0Kg72VY9ZOP7bDemFqcJ5YbQ1WEoVvu21YoNaBRZZ-omWOLdOljUSuNfJIOL5xV6CtNt_HGYPV62FXryvJTPF3GY3I=&amp;originalReferer=https:\/\/www.google.com\/&amp;sessionRedirect=https:\/\/es.linkedin.com\/company\/talleresesteso","https:\/\/pin.it\/1B4cJq9","https:\/\/www.youtube.com\/channel\/UCuhvKB1EibPtQhRfCd8qGqQ"]}]}},"_links":{"self":[{"href":"https:\/\/www.esteso.es\/en\/wp-json\/wp\/v2\/pages\/12787","targetHints":{"allow":["GET"]}}],"collection":[{"href":"https:\/\/www.esteso.es\/en\/wp-json\/wp\/v2\/pages"}],"about":[{"href":"https:\/\/www.esteso.es\/en\/wp-json\/wp\/v2\/types\/page"}],"author":[{"embeddable":true,"href":"https:\/\/www.esteso.es\/en\/wp-json\/wp\/v2\/users\/1"}],"replies":[{"embeddable":true,"href":"https:\/\/www.esteso.es\/en\/wp-json\/wp\/v2\/comments?post=12787"}],"version-history":[{"count":10,"href":"https:\/\/www.esteso.es\/en\/wp-json\/wp\/v2\/pages\/12787\/revisions"}],"predecessor-version":[{"id":20893,"href":"https:\/\/www.esteso.es\/en\/wp-json\/wp\/v2\/pages\/12787\/revisions\/20893"}],"wp:attachment":[{"href":"https:\/\/www.esteso.es\/en\/wp-json\/wp\/v2\/media?parent=12787"}],"curies":[{"name":"wp","href":"https:\/\/api.w.org\/{rel}","templated":true}]}}